{"id":197,"date":"2022-06-07T17:01:55","date_gmt":"2022-06-07T17:01:55","guid":{"rendered":"https:\/\/parkon.ch\/fr\/?page_id=197"},"modified":"2025-01-08T15:53:54","modified_gmt":"2025-01-08T14:53:54","slug":"notre-societe","status":"publish","type":"page","link":"https:\/\/parkon.ch\/fr\/notre-societe\/","title":{"rendered":"Notre soci\u00e9t\u00e9"},"content":{"rendered":"\n\t<section class=\"section has-parallax\" id=\"section_436772785\">\n\t\t<div class=\"bg section-bg fill bg-fill  \" data-parallax-container=\".section\" data-parallax-background data-parallax=\"-1\">\n\n\t\t\t\n\t\t\t\n\t\t\t\n\n\t\t<\/div>\n\n\t\t\n\n\t\t<div class=\"section-content relative\">\n\t\t\t\n\n<div class=\"row align-bottom\"  id=\"row-1948715078\">\n\n\n\t<div id=\"col-1386527758\" class=\"col small-12 large-12\"  >\n\t\t\t\t<div class=\"col-inner text-left\"  >\n\t\t\t\n\t\t\t\n\n\t<div id=\"text-2949730907\" class=\"text\">\n\t\t\n\n<h1>Notre soci\u00e9t\u00e9<\/h1>\n\t\t\n<style>\n#text-2949730907 {\n  color: rgb(244, 95, 2);\n}\n#text-2949730907 > * {\n  color: rgb(244, 95, 2);\n}\n<\/style>\n\t<\/div>\n\t\n\n\t\t<\/div>\n\t\t\t\t\t<\/div>\n\n\t\n\n<\/div>\n\n\t\t<\/div>\n\n\t\t\n<style>\n#section_436772785 {\n  padding-top: 30px;\n  padding-bottom: 30px;\n  min-height: 25rem;\n}\n#section_436772785 .section-bg.bg-loaded {\n  background-image: url(https:\/\/parkon.ch\/fr\/wp-content\/uploads\/sites\/2\/2022\/06\/header_parkon_sicherheitsdienste_01.png);\n}\n#section_436772785 .section-bg {\n  background-position: bottom;\n}\n<\/style>\n\t<\/section>\n\t\n\t<section class=\"section\" id=\"section_3228511\">\n\t\t<div class=\"bg section-bg fill bg-fill  bg-loaded\" >\n\n\t\t\t\n\t\t\t\n\t\t\t\n\n\t\t<\/div>\n\n\t\t\n\n\t\t<div class=\"section-content relative\">\n\t\t\t\n\n\t<div id=\"gap-1261800165\" class=\"gap-element clearfix\" style=\"display:block; height:auto;\">\n\t\t\n<style>\n#gap-1261800165 {\n  padding-top: 4rem;\n}\n<\/style>\n\t<\/div>\n\t\n\n<div class=\"row\"  id=\"row-860550099\">\n\n\n\t<div id=\"col-2132793579\" class=\"col small-12 large-12\"  >\n\t\t\t\t<div class=\"col-inner\"  >\n\t\t\t\n\t\t\t\n\n<h2>Evolution de la soci\u00e9t\u00e9 Parkon<\/h2>\n<p>Parkon a \u00e9t\u00e9 fond\u00e9e le 1er octobre 2012 en tant qu&rsquo;entreprise ind\u00e9pendante et transform\u00e9e en GmbH (SARL) un an plus tard. Bien que notre activit\u00e9 principale soit toujours le contr\u00f4le des parkings, nous avons \u00e9norm\u00e9ment d\u00e9velopp\u00e9 nos prestations dans le domaine des services de s\u00e9curit\u00e9 et cela au fil des ann\u00e9es.<\/p>\n<p>Gr\u00e2ce \u00e0 notre exp\u00e9rience toujours plus riche ainsi qu&rsquo;\u00e0 l&rsquo;expansion de nos domaines d&rsquo;intervention, nous sommes en mesure de proposer une offre compl\u00e8te \u00e0 nos clients.<\/p>\n<h3>Parkon GmbH<\/h3>\n<p>Dynamiques, comp\u00e9tents et s\u00e9rieux \u2013 d\u00e9couvrez des maintenant qui nous sommes.<\/p>\n\n\t\t<\/div>\n\t\t\t\t\t<\/div>\n\n\t\n\n<\/div>\n\t<div id=\"gap-471032487\" class=\"gap-element clearfix\" style=\"display:block; height:auto;\">\n\t\t\n<style>\n#gap-471032487 {\n  padding-top: 4rem;\n}\n<\/style>\n\t<\/div>\n\t\n\n\n\t\t<\/div>\n\n\t\t\n<style>\n#section_3228511 {\n  padding-top: 30px;\n  padding-bottom: 30px;\n}\n<\/style>\n\t<\/section>\n\t\n\t<section class=\"section\" id=\"section_1019823262\">\n\t\t<div class=\"bg section-bg fill bg-fill  bg-loaded\" >\n\n\t\t\t\n\t\t\t\n\t\t\t\n\n\t\t<\/div>\n\n\t\t\n\n\t\t<div class=\"section-content relative\">\n\t\t\t\n\n<div class=\"row\"  id=\"row-357970774\">\n\n\n\t<div id=\"col-1771577666\" class=\"col small-12 large-12\"  >\n\t\t\t\t<div class=\"col-inner\"  >\n\t\t\t\n\t\t\t\n\n\n\n<div class=\"pkn-history\">\n<div class=\"pkn-history_post pkn-history_post-odd\">\n<div class=\"pkn-history_post_year-box\">\n                <h2>janvier 2025<\/h2>\n            <\/div>\n<div class=\"pkn-history_post_divider\"><\/div>\n<div class=\"pkn-history_post_event-box\">\n                <h3>Ouverture du 2\u00e8me site \u00e0 Bienne<\/h3>\n                <div class=\"pkn-history_post_wrapper\">\n                    <img decoding=\"async\" src=\"https:\/\/parkon.ch\/fr\/wp-content\/uploads\/sites\/2\/2025\/01\/biel-zentralplatz-7080_2000-150x150.jpg\">\n                    <p><p>Ouverture du 2\u00e8me site avec une surface de bureau d'environ 120m2 \u00e0 2504 Biel\/Bienne \u00e0 la Solothurnerstrasse 136<\/p><\/p>\n                <\/div>\n            <\/div>\n<\/div>\n<div class=\"pkn-history_post pkn-history_post-even\">\n<div class=\"pkn-history_post_event-box\">\n                <h3>Lancement du projet Coop Pronto<\/h3>\n                <div class=\"pkn-history_post_wrapper\">\n                    <img decoding=\"async\" src=\"https:\/\/parkon.ch\/fr\/wp-content\/uploads\/sites\/2\/2025\/01\/image2-150x150.png\">\n                    <p><p>Pour les stations-service Coop Pronto, parkon Gmbh se charge du recouvrement pour le vol de carburant.<\/p><\/p>\n                <\/div>\n            <\/div>\n<div class=\"pkn-history_post_divider\"><\/div>\n<div class=\"pkn-history_post_year-box\">\n                <h2>avril 2024<\/h2>\n            <\/div>\n<\/div>\n<div class=\"pkn-history_post pkn-history_post-odd\">\n<div class=\"pkn-history_post_year-box\">\n                <h2>janvier 2024<\/h2>\n            <\/div>\n<div class=\"pkn-history_post_divider\"><\/div>\n<div class=\"pkn-history_post_event-box\">\n                <h3>Expansion dans d&rsquo;autres cantons<\/h3>\n                <div class=\"pkn-history_post_wrapper\">\n                    <img decoding=\"async\" src=\"https:\/\/parkon.ch\/fr\/wp-content\/uploads\/sites\/2\/2025\/01\/image1-150x150.png\">\n                    <p><p>La soci\u00e9t\u00e9 parkon GmbH se d\u00e9place d\u00e8s \u00e0 pr\u00e9sent avec son service de qualit\u00e9 habituelle dans les cantons de SH, SO, TG et VS.<\/p><\/p>\n                <\/div>\n            <\/div>\n<\/div>\n<div class=\"pkn-history_post pkn-history_post-even\">\n<div class=\"pkn-history_post_event-box\">\n                <h3>\u00c9v\u00e9nement d&rsquo;\u00e9t\u00e9 2023<\/h3>\n                <div class=\"pkn-history_post_wrapper\">\n                    <img decoding=\"async\" src=\"https:\/\/parkon.ch\/fr\/wp-content\/uploads\/sites\/2\/2025\/01\/image-150x150.jpeg\">\n                    <p><p>Une soir\u00e9e inoubliable, pleine de plaisir, de bonne humeur et d'un d\u00e9licieux repas dans un endroit cool.<\/p><\/p>\n                <\/div>\n            <\/div>\n<div class=\"pkn-history_post_divider\"><\/div>\n<div class=\"pkn-history_post_year-box\">\n                <h2>ao\u00fbt 2023<\/h2>\n            <\/div>\n<\/div>\n<div class=\"pkn-history_post pkn-history_post-odd\">\n<div class=\"pkn-history_post_year-box\">\n                <h2>octobre 2022<\/h2>\n            <\/div>\n<div class=\"pkn-history_post_divider\"><\/div>\n<div class=\"pkn-history_post_event-box\">\n                <h3>dixi\u00e8me ANNIVERSAIRE<\/h3>\n                <div class=\"pkn-history_post_wrapper\">\n                    <img decoding=\"async\" src=\"https:\/\/parkon.ch\/fr\/wp-content\/uploads\/sites\/2\/2022\/07\/photo-1499233983070-99a5f004e720-2-150x150.webp\">\n                    <p><p>Nous f\u00eaterons d\u00e9j\u00e0 notre dixi\u00e8me anniversaire!<\/p><\/p>\n                <\/div>\n            <\/div>\n<\/div>\n<div class=\"pkn-history_post pkn-history_post-even\">\n<div class=\"pkn-history_post_event-box\">\n                <h3>EMM\u00c9NAGEMENT DANS DE NOUVEAUX BUREAUX DE PLUS DE 350M2, en Juin 2022<\/h3>\n                <div class=\"pkn-history_post_wrapper\">\n                    <img decoding=\"async\" src=\"https:\/\/parkon.ch\/fr\/wp-content\/uploads\/sites\/2\/2022\/07\/photo-1577412647305-991150c7d163-2-150x150.webp\">\n                    <p><p>Vous nous trouverez d\u00e9sormais \u00e0 l'Industriestrasse 26, 8404 Winterthour<\/p><\/p>\n                <\/div>\n            <\/div>\n<div class=\"pkn-history_post_divider\"><\/div>\n<div class=\"pkn-history_post_year-box\">\n                <h2>juillet 2022<\/h2>\n            <\/div>\n<\/div>\n<div class=\"pkn-history_post pkn-history_post-odd\">\n<div class=\"pkn-history_post_year-box\">\n                <h2>mai 2022<\/h2>\n            <\/div>\n<div class=\"pkn-history_post_divider\"><\/div>\n<div class=\"pkn-history_post_event-box\">\n                <h3>PLUS DE 500 CONTRATS \u00c0 DUR\u00c9E IND\u00c9TERMIN\u00c9E depuis Mai 2020<\/h3>\n                <div class=\"pkn-history_post_wrapper\">\n                    <img decoding=\"async\" src=\"https:\/\/parkon.ch\/fr\/wp-content\/uploads\/sites\/2\/2022\/07\/photo-1556484687-30636164638b-2-150x150.webp\">\n                    <p><p>Pour pouvoir faire face \u00e0 toutes les commandes, pr\u00e8s de 30 personnes sont d\u00e9sormais mobilis\u00e9es en service interne et en externe.<\/p><\/p>\n                <\/div>\n            <\/div>\n<\/div>\n<div class=\"pkn-history_post pkn-history_post-even\">\n<div class=\"pkn-history_post_event-box\">\n                <h3>LANCEMENT DU PROJET D&rsquo;EXPANSION EN SUISSE ROMANDE en Janvier 2022<\/h3>\n                <div class=\"pkn-history_post_wrapper\">\n                    <img decoding=\"async\" src=\"https:\/\/parkon.ch\/fr\/wp-content\/uploads\/sites\/2\/2022\/07\/Map_Languages_CH-2-150x150.png\">\n                    <p><p>Toutes les dispositions n\u00e9cessaires ont \u00e9t\u00e9 prises pour pouvoir \u00e9galement r\u00e9aliser des contr\u00f4les et prestations en Suisse romande d\u00e8s l'\u00e9t\u00e9 2022.<\/p><\/p>\n                <\/div>\n            <\/div>\n<div class=\"pkn-history_post_divider\"><\/div>\n<div class=\"pkn-history_post_year-box\">\n                <h2>janvier 2022<\/h2>\n            <\/div>\n<\/div>\n<div class=\"pkn-history_post pkn-history_post-odd\">\n<div class=\"pkn-history_post_year-box\">\n                <h2>mars 2019<\/h2>\n            <\/div>\n<div class=\"pkn-history_post_divider\"><\/div>\n<div class=\"pkn-history_post_event-box\">\n                <h3>Elargissement de nos services \u00e0 ZOUG<\/h3>\n                <div class=\"pkn-history_post_wrapper\">\n                    <img decoding=\"async\" src=\"https:\/\/parkon.ch\/fr\/wp-content\/uploads\/sites\/2\/2022\/07\/1920px-City_of_zug_oldtown_aerial_view-150x150.jpg\">\n                    <p><p>D\u00e8s \u00e0 pr\u00e9sent, parkon GmbH se d\u00e9place \u00e9galement \u00e0 Zoug pour ses clients avec son service de qualit\u00e9 habituelle.<\/p><\/p>\n                <\/div>\n            <\/div>\n<\/div>\n<div class=\"pkn-history_post pkn-history_post-even\">\n<div class=\"pkn-history_post_event-box\">\n                <h3>Elargissement de nos services \u00e0 BERNE<\/h3>\n                <div class=\"pkn-history_post_wrapper\">\n                    <img decoding=\"async\" src=\"https:\/\/parkon.ch\/fr\/wp-content\/uploads\/sites\/2\/2022\/07\/Bern_2-2-150x150.jpg\">\n                    <p><p>\u00e8s maintenant, parkon GmbH se d\u00e9place aussi \u00e0 Berne pour ses clients avec son service habituel de haut niveau.<\/p><\/p>\n                <\/div>\n            <\/div>\n<div class=\"pkn-history_post_divider\"><\/div>\n<div class=\"pkn-history_post_year-box\">\n                <h2>septembre 2018<\/h2>\n            <\/div>\n<\/div>\n<div class=\"pkn-history_post pkn-history_post-odd\">\n<div class=\"pkn-history_post_year-box\">\n                <h2>avril 2018<\/h2>\n            <\/div>\n<div class=\"pkn-history_post_divider\"><\/div>\n<div class=\"pkn-history_post_event-box\">\n                <h3>Elargissement de nos services \u00e0 B\u00c2LE<\/h3>\n                <div class=\"pkn-history_post_wrapper\">\n                    <img decoding=\"async\" src=\"https:\/\/parkon.ch\/fr\/wp-content\/uploads\/sites\/2\/2022\/07\/Rathaus_2122646923-150x150.jpg\">\n                    <p><p>D\u00e8s maintenant, parkon GmbH se d\u00e9place aussi \u00e0 B\u00e2le pour ses clients avec son service habituel de haut niveau.<\/p><\/p>\n                <\/div>\n            <\/div>\n<\/div>\n<div class=\"pkn-history_post pkn-history_post-even\">\n<div class=\"pkn-history_post_event-box\">\n                <h3>Elargissement de nos services \u00e0 ST. GALLE<\/h3>\n                <div class=\"pkn-history_post_wrapper\">\n                    <img decoding=\"async\" src=\"https:\/\/parkon.ch\/fr\/wp-content\/uploads\/sites\/2\/2022\/07\/Sankt_Gallen_houses-2-150x150.jpg\">\n                    <p><p>D\u00e8s \u00e0 pr\u00e9sent, parkon GmbH se d\u00e9place \u00e9galement \u00e0 St-Galle pour ses clients avec son service de qualit\u00e9 habituel.<\/p><\/p>\n                <\/div>\n            <\/div>\n<div class=\"pkn-history_post_divider\"><\/div>\n<div class=\"pkn-history_post_year-box\">\n                <h2>avril 2018<\/h2>\n            <\/div>\n<\/div>\n<div class=\"pkn-history_post pkn-history_post-odd\">\n<div class=\"pkn-history_post_year-box\">\n                <h2>mars 2018<\/h2>\n            <\/div>\n<div class=\"pkn-history_post_divider\"><\/div>\n<div class=\"pkn-history_post_event-box\">\n                <h3>Application de contr\u00f4le\/ Logiciel de contr\u00f4le<\/h3>\n                <div class=\"pkn-history_post_wrapper\">\n                    <img decoding=\"async\" src=\"https:\/\/parkon.ch\/fr\/wp-content\/uploads\/sites\/2\/2022\/07\/photo-1583508915901-b5f84c1dcde1-2-150x150.webp\">\n                    <p><p>Nous avons d\u00e9velopp\u00e9 un nouveau logiciel pour une administration plus simple et rapide, tant pour nous que pour nos clients. Vous \u00eates int\u00e9ress\u00e9s ? N'h\u00e9sitez pas \u00e0 nous contacter !<\/p><\/p>\n                <\/div>\n            <\/div>\n<\/div>\n<div class=\"pkn-history_post pkn-history_post-even\">\n<div class=\"pkn-history_post_event-box\">\n                <h3>D\u00e9veloppement de l\u2019application d\u2019inscription et d\u2019enregistrement des visiteurs<\/h3>\n                <div class=\"pkn-history_post_wrapper\">\n                    <img decoding=\"async\" src=\"https:\/\/parkon.ch\/fr\/wp-content\/uploads\/sites\/2\/2022\/07\/photo-1486312338219-ce68d2c6f44d-2-150x150.webp\">\n                    <p><p>Avec le nouveau logiciel, l\u2019application d'inscription et d\u2019enregistrement des visiteurs a \u00e9galement \u00e9t\u00e9 finalis\u00e9 de fa\u00e7on optimale. Vous \u00eates int\u00e9ress\u00e9s ? N'h\u00e9sitez pas \u00e0 nous contacter !<\/p><\/p>\n                <\/div>\n            <\/div>\n<div class=\"pkn-history_post_divider\"><\/div>\n<div class=\"pkn-history_post_year-box\">\n                <h2>mars 2018<\/h2>\n            <\/div>\n<\/div>\n<div class=\"pkn-history_post pkn-history_post-odd\">\n<div class=\"pkn-history_post_year-box\">\n                <h2>janvier 2018<\/h2>\n            <\/div>\n<div class=\"pkn-history_post_divider\"><\/div>\n<div class=\"pkn-history_post_event-box\">\n                <h3>Reprise de la client\u00e8le de la soci\u00e9t\u00e9 stationnement ill\u00e9gal GMBH<\/h3>\n                <div class=\"pkn-history_post_wrapper\">\n                    <img decoding=\"async\" src=\"https:\/\/parkon.ch\/fr\/wp-content\/uploads\/sites\/2\/2022\/07\/post3-img.png\">\n                    <p><p>La soci\u00e9t\u00e9 parkon GmbH reprend au 1er janvier la base de clients et le domaine de la soci\u00e9t\u00e9 \u2018\u2019 Stationnement ill\u00e9gal GmbH\u00a0\u2018\u2019<\/p><\/p>\n                <\/div>\n            <\/div>\n<\/div>\n<div class=\"pkn-history_post pkn-history_post-even\">\n<div class=\"pkn-history_post_event-box\">\n                <h3>Autorisation de r\u00e9gulation sur la voie publique<\/h3>\n                <div class=\"pkn-history_post_wrapper\">\n                    <img decoding=\"async\" src=\"https:\/\/parkon.ch\/fr\/wp-content\/uploads\/sites\/2\/2022\/07\/post4-img-150x150.png\">\n                    <p><p>La soci\u00e9t\u00e9 parkon GmbH poss\u00e8de d\u00e9sormais l'autorisation officielle de r\u00e9guler la circulation sur le domaine public.<\/p><\/p>\n                <\/div>\n            <\/div>\n<div class=\"pkn-history_post_divider\"><\/div>\n<div class=\"pkn-history_post_year-box\">\n                <h2>octobre 2017<\/h2>\n            <\/div>\n<\/div>\n<div class=\"pkn-history_post pkn-history_post-odd\">\n<div class=\"pkn-history_post_year-box\">\n                <h2>ao\u00fbt 2017<\/h2>\n            <\/div>\n<div class=\"pkn-history_post_divider\"><\/div>\n<div class=\"pkn-history_post_event-box\">\n                <h3>Elargissement de nos services \u00e0 Lucerne<\/h3>\n                <div class=\"pkn-history_post_wrapper\">\n                    <img decoding=\"async\" src=\"https:\/\/parkon.ch\/fr\/wp-content\/uploads\/sites\/2\/2022\/07\/post5-img-150x150.png\">\n                    <p><p>D\u00e8s \u00e0 pr\u00e9sent, parkon GmbH se d\u00e9place \u00e9galement \u00e0 Lucerne pour ses clients avec son service de qualit\u00e9 habituel.<\/p><\/p>\n                <\/div>\n            <\/div>\n<\/div>\n<div class=\"pkn-history_post pkn-history_post-even\">\n<div class=\"pkn-history_post_event-box\">\n                <h3>Candidat \u00e0 l\u2019adh\u00e9sion \u00e0 LA VSSU ET \u00c0 LA GAV<\/h3>\n                <div class=\"pkn-history_post_wrapper\">\n                    <img decoding=\"async\" src=\"https:\/\/parkon.ch\/fr\/wp-content\/uploads\/sites\/2\/2022\/07\/post6-img-150x138.png\">\n                    <p><p>En plus de sa candidature \u00e0 l'Association des entreprises suisses de services de s\u00e9curit\u00e9 (VSSU), parkon GmbH est d\u00e9sormais \u00e9galement soumise \u00e0 la CCT.<\/p><\/p>\n                <\/div>\n            <\/div>\n<div class=\"pkn-history_post_divider\"><\/div>\n<div class=\"pkn-history_post_year-box\">\n                <h2>avril 2017<\/h2>\n            <\/div>\n<\/div>\n<div class=\"pkn-history_post pkn-history_post-odd\">\n<div class=\"pkn-history_post_year-box\">\n                <h2>f\u00e9vrier 2017<\/h2>\n            <\/div>\n<div class=\"pkn-history_post_divider\"><\/div>\n<div class=\"pkn-history_post_event-box\">\n                <h3>Elargissement de nos services en Thurgovie<\/h3>\n                <div class=\"pkn-history_post_wrapper\">\n                    <img decoding=\"async\" src=\"https:\/\/parkon.ch\/fr\/wp-content\/uploads\/sites\/2\/2022\/07\/20080507_1708MESZ_Schloss_Frauenfeld_1680x1050_HDR-2._copy-150x150.jpg\">\n                    <p><p>D\u00e8s \u00e0 pr\u00e9sent, parkon GmbH se d\u00e9place \u00e9galement en Thurgovie pour ses clients avec son service de qualit\u00e9 habituelle.<\/p><\/p>\n                <\/div>\n            <\/div>\n<\/div>\n<div class=\"pkn-history_post pkn-history_post-even\">\n<div class=\"pkn-history_post_event-box\">\n                <h3>Introduction de la saisie num\u00e9rique<\/h3>\n                <div class=\"pkn-history_post_wrapper\">\n                    <img decoding=\"async\" src=\"https:\/\/parkon.ch\/fr\/wp-content\/uploads\/sites\/2\/2022\/07\/Screenshot-2022-04-04-at-11.44.04-2-150x150.png\">\n                    <p><p>R\u00e9ception d'un logiciel qui a consid\u00e9rablement simplifi\u00e9 la saisie des v\u00e9hicules et de leurs donn\u00e9es.<\/p><\/p>\n                <\/div>\n            <\/div>\n<div class=\"pkn-history_post_divider\"><\/div>\n<div class=\"pkn-history_post_year-box\">\n                <h2>janvier 2017<\/h2>\n            <\/div>\n<\/div>\n<div class=\"pkn-history_post pkn-history_post-odd\">\n<div class=\"pkn-history_post_year-box\">\n                <h2>ao\u00fbt 2016<\/h2>\n            <\/div>\n<div class=\"pkn-history_post_divider\"><\/div>\n<div class=\"pkn-history_post_event-box\">\n                <h3>Obtention du port d\u2019armes pour certains employ\u00e9s (apr\u00e8s examen conforme)<\/h3>\n                <div class=\"pkn-history_post_wrapper\">\n                    <img decoding=\"async\" src=\"https:\/\/parkon.ch\/fr\/wp-content\/uploads\/sites\/2\/2022\/07\/pexels-photo-7715249-2-150x150.jpeg\">\n                    <p><p>Les premiers employ\u00e9s disposent d'un permis de port d'armes pour les services requis.<\/p><\/p>\n                <\/div>\n            <\/div>\n<\/div>\n<div class=\"pkn-history_post pkn-history_post-even\">\n<div class=\"pkn-history_post_event-box\">\n                <h3>Elargissement de nos services \u00e0 Soleure<\/h3>\n                <div class=\"pkn-history_post_wrapper\">\n                    <img decoding=\"async\" src=\"https:\/\/parkon.ch\/fr\/wp-content\/uploads\/sites\/2\/2022\/07\/Besenval_stursen_solothurn-2-150x150.jpg\">\n                    <p><p>La soci\u00e9t\u00e9 parkon GmbH se d\u00e9place d\u00e9sormais aussi \u00e0 Soleure pour ses clients avec son service de qualit\u00e9 habituel.<\/p><\/p>\n                <\/div>\n            <\/div>\n<div class=\"pkn-history_post_divider\"><\/div>\n<div class=\"pkn-history_post_year-box\">\n                <h2>juin 2016<\/h2>\n            <\/div>\n<\/div>\n<div class=\"pkn-history_post pkn-history_post-odd\">\n<div class=\"pkn-history_post_year-box\">\n                <h2>mars 2016<\/h2>\n            <\/div>\n<div class=\"pkn-history_post_divider\"><\/div>\n<div class=\"pkn-history_post_event-box\">\n                <h3>Emm\u00e9nagement dans ses propres murs pour la soci\u00e9t\u00e9 Parkon<\/h3>\n                <div class=\"pkn-history_post_wrapper\">\n                    <img decoding=\"async\" src=\"https:\/\/parkon.ch\/fr\/wp-content\/uploads\/sites\/2\/2022\/07\/Bild-erste-Bueroraeumlichkeiten-scaled-1-150x150.jpg\">\n                    <p><p>L'acquisition de nos premiers propres bureaux \u00e0 la Werdstrasse 17 \u00e0 Winterthour (Code postal 8405) a \u00e9t\u00e9 un moment particulier pour nous.<\/p><\/p>\n                <\/div>\n            <\/div>\n<\/div>\n<div class=\"pkn-history_post pkn-history_post-even\">\n<div class=\"pkn-history_post_event-box\">\n                <h3>Elargissement de nos services \u00e0 Schwyz<\/h3>\n                <div class=\"pkn-history_post_wrapper\">\n                    <img decoding=\"async\" src=\"https:\/\/parkon.ch\/fr\/wp-content\/uploads\/sites\/2\/2022\/07\/2019-07-05_Brunnen_Schwyz_2173-150x150.jpg\">\n                    <p><p>D\u00e8s \u00e0 pr\u00e9sent, parkon GmbH se d\u00e9place \u00e9galement \u00e0 Schwyz pour ses clients avec son service de qualit\u00e9 habituelle.<\/p><\/p>\n                <\/div>\n            <\/div>\n<div class=\"pkn-history_post_divider\"><\/div>\n<div class=\"pkn-history_post_year-box\">\n                <h2>ao\u00fbt 2015<\/h2>\n            <\/div>\n<\/div>\n<div class=\"pkn-history_post pkn-history_post-odd\">\n<div class=\"pkn-history_post_year-box\">\n                <h2>avril 2015<\/h2>\n            <\/div>\n<div class=\"pkn-history_post_divider\"><\/div>\n<div class=\"pkn-history_post_event-box\">\n                <h3>Obtention du dipl\u00f4me FSB de notre directeur g\u00e9n\u00e9ral Monsieur Marthaler<\/h3>\n                <div class=\"pkn-history_post_wrapper\">\n                    <img decoding=\"async\" src=\"https:\/\/parkon.ch\/fr\/wp-content\/uploads\/sites\/2\/2022\/07\/pexels-photo-2058148-2-150x150.webp\">\n                    <p><p>Marc Marthaler a termin\u00e9 avec succ\u00e8s la formation de sp\u00e9cialiste de la s\u00e9curit\u00e9 et de la surveillance avec brevet f\u00e9d\u00e9ral.<\/p><\/p>\n                <\/div>\n            <\/div>\n<\/div>\n<div class=\"pkn-history_post pkn-history_post-even\">\n<div class=\"pkn-history_post_event-box\">\n                <h3>Soci\u00e9t\u00e9 de s\u00e9curit\u00e9 reconnue la police cantonale d\u2019Argovie<\/h3>\n                <div class=\"pkn-history_post_wrapper\">\n                    <img decoding=\"async\" src=\"https:\/\/parkon.ch\/fr\/wp-content\/uploads\/sites\/2\/2022\/07\/Flag_of_Canton_of_Aargau.svg-2-150x150.png\">\n                    <p><p>Nous avons pass\u00e9 avec succ\u00e8s la proc\u00e9dure d'autorisation de la police cantonale d'Argovie et sommes d\u00e9sormais une entreprise de s\u00e9curit\u00e9 reconnue dans toute la Suisse.<\/p><\/p>\n                <\/div>\n            <\/div>\n<div class=\"pkn-history_post_divider\"><\/div>\n<div class=\"pkn-history_post_year-box\">\n                <h2>septembre 2014<\/h2>\n            <\/div>\n<\/div>\n<div class=\"pkn-history_post pkn-history_post-odd\">\n<div class=\"pkn-history_post_year-box\">\n                <h2>mai 2014<\/h2>\n            <\/div>\n<div class=\"pkn-history_post_divider\"><\/div>\n<div class=\"pkn-history_post_event-box\">\n                <h3>Elargissement de nos services dans le Canton d\u2019Argovie<\/h3>\n                <div class=\"pkn-history_post_wrapper\">\n                    <img decoding=\"async\" src=\"https:\/\/parkon.ch\/fr\/wp-content\/uploads\/sites\/2\/2022\/07\/Aarau_Altstadt-2-150x150.jpg\">\n                    <p><p>Premier mandat extra-cantonal, d\u00e9but dans le canton d'Argovie.<\/p><\/p>\n                <\/div>\n            <\/div>\n<\/div>\n<div class=\"pkn-history_post pkn-history_post-even\">\n<div class=\"pkn-history_post_event-box\">\n                <h3>Cr\u00e9ation de la S\u00e0rl<\/h3>\n                <div class=\"pkn-history_post_wrapper\">\n                    <img decoding=\"async\" src=\"https:\/\/parkon.ch\/fr\/wp-content\/uploads\/sites\/2\/2022\/07\/photo-1564846824194-346b7871b855-2-150x150.webp\">\n                    <p><p>ransformation de l'entreprise individuelle en SARL<\/p><\/p>\n                <\/div>\n            <\/div>\n<div class=\"pkn-history_post_divider\"><\/div>\n<div class=\"pkn-history_post_year-box\">\n                <h2>novembre 2013<\/h2>\n            <\/div>\n<\/div>\n<div class=\"pkn-history_post pkn-history_post-odd\">\n<div class=\"pkn-history_post_year-box\">\n                <h2>octobre 2012<\/h2>\n            <\/div>\n<div class=\"pkn-history_post_divider\"><\/div>\n<div class=\"pkn-history_post_event-box\">\n                <h3>Cr\u00e9ation d\u2019une entreprise ind\u00e9pendante<\/h3>\n                <div class=\"pkn-history_post_wrapper\">\n                    <img decoding=\"async\" src=\"https:\/\/parkon.ch\/fr\/wp-content\/uploads\/sites\/2\/2022\/07\/Logo-Einzelfirma-2-150x150.png\">\n                    <p><p>Nous avons commenc\u00e9 notre activit\u00e9 commerciale en tant que soci\u00e9t\u00e9 ind\u00e9pendante avec si\u00e8ge \u00e0 Winterthur (Canton de Z\u00fcrich)<\/p><\/p>\n                <\/div>\n            <\/div>\n<\/div>\n<\/div>\n\n\n\t\t<\/div>\n\t\t\t\t\t<\/div>\n\n\t\n\n<\/div>\n\n\t\t<\/div>\n\n\t\t\n<style>\n#section_1019823262 {\n  padding-top: 30px;\n  padding-bottom: 30px;\n}\n<\/style>\n\t<\/section>\n\t\n\n","protected":false},"excerpt":{"rendered":"","protected":false},"author":1,"featured_media":0,"parent":0,"menu_order":0,"comment_status":"closed","ping_status":"closed","template":"page-blank.php","meta":{"footnotes":""},"_links":{"self":[{"href":"https:\/\/parkon.ch\/fr\/wp-json\/wp\/v2\/pages\/197"}],"collection":[{"href":"https:\/\/parkon.ch\/fr\/wp-json\/wp\/v2\/pages"}],"about":[{"href":"https:\/\/parkon.ch\/fr\/wp-json\/wp\/v2\/types\/page"}],"author":[{"embeddable":true,"href":"https:\/\/parkon.ch\/fr\/wp-json\/wp\/v2\/users\/1"}],"replies":[{"embeddable":true,"href":"https:\/\/parkon.ch\/fr\/wp-json\/wp\/v2\/comments?post=197"}],"version-history":[{"count":8,"href":"https:\/\/parkon.ch\/fr\/wp-json\/wp\/v2\/pages\/197\/revisions"}],"predecessor-version":[{"id":689,"href":"https:\/\/parkon.ch\/fr\/wp-json\/wp\/v2\/pages\/197\/revisions\/689"}],"wp:attachment":[{"href":"https:\/\/parkon.ch\/fr\/wp-json\/wp\/v2\/media?parent=197"}],"curies":[{"name":"wp","href":"https:\/\/api.w.org\/{rel}","templated":true}]}}